{"id":118171,"date":"2022-03-09T09:06:41","date_gmt":"2022-03-09T09:06:41","guid":{"rendered":"https:\/\/all-car-news.com\/trouveur-de-voiture\/volkswagen\/kia-ame\/"},"modified":"2022-03-09T09:07:09","modified_gmt":"2022-03-09T09:07:09","slug":"kia-ame","status":"publish","type":"page","link":"https:\/\/all-car-news.com\/fr\/trouveur-de-voiture\/volkswagen\/kia-ame\/","title":{"rendered":"Kia \u00c2me"},"content":{"rendered":"\n<p>La Kia Soul est un mod\u00e8le issu de la division am\u00e9ricaine de la marque. L&rsquo;histoire du mod\u00e8le est remarquable. Le designer Torpey a pens\u00e9 \u00e0 un nouveau type de voiture et a eu l&rsquo;id\u00e9e d&rsquo;un sanglier avec un sac \u00e0 dos \u00e0 la suite d&rsquo;un documentaire. Le r\u00e9sultat en fut une esquisse caricaturale et la force et la puissance que d\u00e9gageait ce cochon \u00e9taient l&rsquo;image que la voiture \u00e9tait cens\u00e9e \u00e9voquer. Bien s\u00fbr.<\/p>\n\n<p>La Kia Soul est un mod\u00e8le issu de la division am\u00e9ricaine de la marque. L&rsquo;histoire du mod\u00e8le est remarquable. Le designer Torpey a pens\u00e9 \u00e0 un nouveau type de voiture et a eu l&rsquo;id\u00e9e d&rsquo;un sanglier avec un sac \u00e0 dos \u00e0 la suite d&rsquo;un documentaire. Le r\u00e9sultat en fut une esquisse caricaturale et la force et la puissance que d\u00e9gageait ce cochon \u00e9taient l&rsquo;image que la voiture \u00e9tait cens\u00e9e \u00e9voquer. Bien s\u00fbr.<\/p>\n\n<h2 class=\"wp-block-heading\"><strong>Il suffit de d\u00e9marrer\u2026<\/strong><br\/><\/h2>\n\n<p>Le r\u00e9sultat a \u00e9t\u00e9 la remarquable Kia Soul de premi\u00e8re g\u00e9n\u00e9ration, introduite en 2009. En r\u00e9ponse aux critiques, une mise \u00e0 jour a \u00e9t\u00e9 apport\u00e9e \u00e0 l&rsquo;int\u00e9rieur et aux qualit\u00e9s de conduite de la voiture apr\u00e8s seulement un an. Apr\u00e8s ce d\u00e9but chancelant, cependant, la Soul a r\u00e9ussi \u00e0 r\u00e9aliser de bonnes ventes, en particulier sur le \u00ab\u00a0march\u00e9 domestique\u00a0\u00bb am\u00e9ricain.<\/p>\n\n<h2 class=\"wp-block-heading\"><strong>Neuf et \u00e9lectrique<\/strong><br\/><\/h2>\n\n<p>La deuxi\u00e8me g\u00e9n\u00e9ration a \u00e9t\u00e9 lanc\u00e9e en 2013. Ce mod\u00e8le a fait un grand pas en avant en termes de qualit\u00e9 et de design. La nouveaut\u00e9 depuis 2014 est une version enti\u00e8rement \u00e9lectrique de la Soul. Depuis lors, c&rsquo;est \u00e9galement le seul mod\u00e8le de Soul livr\u00e9 aux Pays-Bas. Fin 2018, la troisi\u00e8me g\u00e9n\u00e9ration de Soul a \u00e9t\u00e9 pr\u00e9sent\u00e9e, qui est arriv\u00e9e sur le march\u00e9 fin 2019. Sans compromettre la forme originale caract\u00e9ristique de la voiture, un nouveau mod\u00e8le est \u00e0 nouveau pr\u00eat. Bien s\u00fbr, il existe \u00e9galement une variante enti\u00e8rement \u00e9lectrique du nouveau. Son nom passe de Soul EV \u00e0 e-Soul. Sous le nom e-Soul Cargo, il existe \u00e9galement une version de commande pour une plaque d&rsquo;immatriculation grise.<\/p>\n\n<h2 class=\"wp-block-heading\">Technique<\/h2>\n\n<figure class=\"wp-block-table is-style-stripes\"><table class=\"has-fixed-layout\"><tbody><tr><td>Type de moteur<\/td><td>\u00e9lectrique<\/td><\/tr><tr><td>La batterie<\/td><td>lithium-ion<\/td><\/tr><tr><td>Capacit\u00e9<\/td><td>64kWh<\/td><\/tr><tr><td>Conduire<\/td><td>roues avant<\/td><\/tr><tr><td>Freins de\/a<\/td><td>\u00e9tant donn\u00e9 disques\/disques<\/td><\/tr><tr><td>Cercle de braquage<\/td><td>10,6 m<\/td><\/tr><tr><td>Varier<\/td><td>276 kilom\u00e8tres<\/td><\/tr><tr><td>Temps de charge \u00e0 220V<\/td><td>4h10<\/td><\/tr><tr><td>Plage de puissance<\/td><td>100 \u00e0 150kW<\/td><\/tr><\/tbody><\/table><\/figure>\n\n<h2 class=\"wp-block-heading\">Performance<\/h2>\n\n<figure class=\"wp-block-table is-style-stripes\"><table class=\"has-fixed-layout\"><tbody><tr><td>Alimentation du syst\u00e8me<\/td><td>100 kW (136 ch)<\/td><\/tr><tr><td>Paire syst\u00e8me<\/td><td>395 Nm<\/td><\/tr><tr><td>Acc. 0-100km\/h<\/td><td>9,9 s<\/td><\/tr><tr><td>vitesse de pointe<\/td><td>157 km\/h<\/td><\/tr><\/tbody><\/table><\/figure>\n\n<h2 class=\"wp-block-heading\">G\u00e9n\u00e9ral<\/h2>\n\n<figure class=\"wp-block-table is-style-stripes\"><table class=\"has-fixed-layout\"><tbody><tr><td>Transmission<\/td><td>pignon fixe<\/td><\/tr><tr><td>Type de corps<\/td><td>5-dr. hayon<\/td><\/tr><tr><td>EuroNCAP<\/td><td>pas test\u00e9<\/td><\/tr><tr><td>Lancement sur le march\u00e9<\/td><td>novembre 2019<\/td><\/tr><tr><td>Dernier lifting<\/td><td>N \/ A<\/td><\/tr><tr><td>Garantie<\/td><td>7 ans<\/td><\/tr><tr><td>A partir du prix<\/td><td>33 995 \u20ac<\/td><\/tr><tr><td>Les particularit\u00e9s<\/td><td>Aux Pays-Bas, la Kia Soul n&rsquo;est disponible qu&rsquo;avec une propulsion \u00e9lectrique.<\/td><\/tr><\/tbody><\/table><\/figure>\n\n<h2 class=\"wp-block-heading\">Dimensions\/poids<\/h2>\n\n<figure class=\"wp-block-table is-style-stripes\"><table class=\"has-fixed-layout\"><tbody><tr><td>La taille des pneus<\/td><td>215\/55 R17<\/td><\/tr><tr><td>L xlxh<\/td><td>4 195 x 1 800 x 1 605 mm<\/td><\/tr><tr><td>Empattement<\/td><td>2 600 mm<\/td><\/tr><tr><td>Masse vide<\/td><td>1 510 kilogrammes<\/td><\/tr><tr><td>max. selon poids<\/td><td>s\/o kg<\/td><\/tr><tr><td>suite sac. salle.<\/td><td>315 litres<\/td><\/tr><\/tbody><\/table><\/figure>\n\n<h2 class=\"wp-block-heading\">Consommation<\/h2>\n\n<figure class=\"wp-block-table is-style-stripes\"><table class=\"has-fixed-layout\"><tbody><tr><td>Etiquette \u00e9nerg\u00e9tique<\/td><td>une<\/td><\/tr><\/tbody><\/table><\/figure>\n","protected":false},"excerpt":{"rendered":"<p>La Kia Soul est un mod\u00e8le issu de la division am\u00e9ricaine de la marque. L&rsquo;histoire du mod\u00e8le est remarquable. Le [&hellip;]<\/p>\n","protected":false},"author":4,"featured_media":118128,"parent":117698,"menu_order":0,"comment_status":"closed","ping_status":"closed","template":"","meta":{"footnotes":""},"class_list":["post-118171","page","type-page","status-publish","has-post-thumbnail","hentry"],"acf":[],"yoast_head":"<!-- This site is optimized with the Yoast SEO plugin v21.2 - https:\/\/yoast.com\/wordpress\/plugins\/seo\/ -->\n<title>Kia \u00c2me - All cars news<\/title>\n<meta name=\"robots\" content=\"index, follow, max-snippet:-1, max-image-preview:large, max-video-preview:-1\" \/>\n<link rel=\"canonical\" href=\"https:\/\/all-car-news.com\/fr\/trouveur-de-voiture\/volkswagen\/kia-ame\/\" \/>\n<meta property=\"og:locale\" content=\"fr_FR\" \/>\n<meta property=\"og:type\" content=\"article\" \/>\n<meta property=\"og:title\" content=\"Kia \u00c2me - All cars news\" \/>\n<meta property=\"og:description\" content=\"La Kia Soul est un mod\u00e8le issu de la division am\u00e9ricaine de la marque. L&rsquo;histoire du mod\u00e8le est remarquable. Le [&hellip;]\" \/>\n<meta property=\"og:url\" content=\"https:\/\/all-car-news.com\/fr\/trouveur-de-voiture\/volkswagen\/kia-ame\/\" \/>\n<meta property=\"og:site_name\" content=\"All cars news\" \/>\n<meta property=\"article:modified_time\" content=\"2022-03-09T09:07:09+00:00\" \/>\n<meta property=\"og:image\" content=\"https:\/\/all-car-news.com\/wp-content\/uploads\/2022\/03\/Kia-Soul-EV-1.jpg\" \/>\n\t<meta property=\"og:image:width\" content=\"1279\" \/>\n\t<meta property=\"og:image:height\" content=\"925\" \/>\n\t<meta property=\"og:image:type\" content=\"image\/jpeg\" \/>\n<meta name=\"twitter:card\" content=\"summary_large_image\" \/>\n<meta name=\"twitter:label1\" content=\"Dur\u00e9e de lecture estim\u00e9e\" \/>\n\t<meta name=\"twitter:data1\" content=\"2 minutes\" \/>\n<script type=\"application\/ld+json\" class=\"yoast-schema-graph\">{\"@context\":\"https:\/\/schema.org\",\"@graph\":[{\"@type\":\"WebPage\",\"@id\":\"https:\/\/all-car-news.com\/fr\/trouveur-de-voiture\/volkswagen\/kia-ame\/\",\"url\":\"https:\/\/all-car-news.com\/fr\/trouveur-de-voiture\/volkswagen\/kia-ame\/\",\"name\":\"Kia \u00c2me - All cars news\",\"isPartOf\":{\"@id\":\"https:\/\/all-car-news.com\/fr\/#website\"},\"datePublished\":\"2022-03-09T09:06:41+00:00\",\"dateModified\":\"2022-03-09T09:07:09+00:00\",\"breadcrumb\":{\"@id\":\"https:\/\/all-car-news.com\/fr\/trouveur-de-voiture\/volkswagen\/kia-ame\/#breadcrumb\"},\"inLanguage\":\"fr-FR\",\"potentialAction\":[{\"@type\":\"ReadAction\",\"target\":[\"https:\/\/all-car-news.com\/fr\/trouveur-de-voiture\/volkswagen\/kia-ame\/\"]}]},{\"@type\":\"BreadcrumbList\",\"@id\":\"https:\/\/all-car-news.com\/fr\/trouveur-de-voiture\/volkswagen\/kia-ame\/#breadcrumb\",\"itemListElement\":[{\"@type\":\"ListItem\",\"position\":1,\"name\":\"Home\",\"item\":\"https:\/\/all-car-news.com\/fr\/\"},{\"@type\":\"ListItem\",\"position\":2,\"name\":\"trouveur de voiture\",\"item\":\"https:\/\/all-car-news.com\/fr\/trouveur-de-voiture\/\"},{\"@type\":\"ListItem\",\"position\":3,\"name\":\"Volkswagen\",\"item\":\"https:\/\/all-car-news.com\/fr\/trouveur-de-voiture\/volkswagen\/\"},{\"@type\":\"ListItem\",\"position\":4,\"name\":\"Kia \u00c2me\"}]},{\"@type\":\"WebSite\",\"@id\":\"https:\/\/all-car-news.com\/fr\/#website\",\"url\":\"https:\/\/all-car-news.com\/fr\/\",\"name\":\"All cars news\",\"description\":\"\",\"publisher\":{\"@id\":\"https:\/\/all-car-news.com\/fr\/#organization\"},\"potentialAction\":[{\"@type\":\"SearchAction\",\"target\":{\"@type\":\"EntryPoint\",\"urlTemplate\":\"https:\/\/all-car-news.com\/fr\/?s={search_term_string}\"},\"query-input\":\"required name=search_term_string\"}],\"inLanguage\":\"fr-FR\"},{\"@type\":\"Organization\",\"@id\":\"https:\/\/all-car-news.com\/fr\/#organization\",\"name\":\"All cars news\",\"url\":\"https:\/\/all-car-news.com\/fr\/\",\"logo\":{\"@type\":\"ImageObject\",\"inLanguage\":\"fr-FR\",\"@id\":\"https:\/\/all-car-news.com\/fr\/#\/schema\/logo\/image\/\",\"url\":\"https:\/\/all-car-news.com\/wp-content\/uploads\/2022\/02\/CMYK-AllCarNews_LANDSCAPE_300px-1.png\",\"contentUrl\":\"https:\/\/all-car-news.com\/wp-content\/uploads\/2022\/02\/CMYK-AllCarNews_LANDSCAPE_300px-1.png\",\"width\":300,\"height\":100,\"caption\":\"All cars news\"},\"image\":{\"@id\":\"https:\/\/all-car-news.com\/fr\/#\/schema\/logo\/image\/\"}}]}<\/script>\n<!-- \/ Yoast SEO plugin. -->","yoast_head_json":{"title":"Kia \u00c2me - All cars news","robots":{"index":"index","follow":"follow","max-snippet":"max-snippet:-1","max-image-preview":"max-image-preview:large","max-video-preview":"max-video-preview:-1"},"canonical":"https:\/\/all-car-news.com\/fr\/trouveur-de-voiture\/volkswagen\/kia-ame\/","og_locale":"fr_FR","og_type":"article","og_title":"Kia \u00c2me - All cars news","og_description":"La Kia Soul est un mod\u00e8le issu de la division am\u00e9ricaine de la marque. L&rsquo;histoire du mod\u00e8le est remarquable. Le [&hellip;]","og_url":"https:\/\/all-car-news.com\/fr\/trouveur-de-voiture\/volkswagen\/kia-ame\/","og_site_name":"All cars news","article_modified_time":"2022-03-09T09:07:09+00:00","og_image":[{"width":1279,"height":925,"url":"https:\/\/all-car-news.com\/wp-content\/uploads\/2022\/03\/Kia-Soul-EV-1.jpg","type":"image\/jpeg"}],"twitter_card":"summary_large_image","twitter_misc":{"Dur\u00e9e de lecture estim\u00e9e":"2 minutes"},"schema":{"@context":"https:\/\/schema.org","@graph":[{"@type":"WebPage","@id":"https:\/\/all-car-news.com\/fr\/trouveur-de-voiture\/volkswagen\/kia-ame\/","url":"https:\/\/all-car-news.com\/fr\/trouveur-de-voiture\/volkswagen\/kia-ame\/","name":"Kia \u00c2me - All cars news","isPartOf":{"@id":"https:\/\/all-car-news.com\/fr\/#website"},"datePublished":"2022-03-09T09:06:41+00:00","dateModified":"2022-03-09T09:07:09+00:00","breadcrumb":{"@id":"https:\/\/all-car-news.com\/fr\/trouveur-de-voiture\/volkswagen\/kia-ame\/#breadcrumb"},"inLanguage":"fr-FR","potentialAction":[{"@type":"ReadAction","target":["https:\/\/all-car-news.com\/fr\/trouveur-de-voiture\/volkswagen\/kia-ame\/"]}]},{"@type":"BreadcrumbList","@id":"https:\/\/all-car-news.com\/fr\/trouveur-de-voiture\/volkswagen\/kia-ame\/#breadcrumb","itemListElement":[{"@type":"ListItem","position":1,"name":"Home","item":"https:\/\/all-car-news.com\/fr\/"},{"@type":"ListItem","position":2,"name":"trouveur de voiture","item":"https:\/\/all-car-news.com\/fr\/trouveur-de-voiture\/"},{"@type":"ListItem","position":3,"name":"Volkswagen","item":"https:\/\/all-car-news.com\/fr\/trouveur-de-voiture\/volkswagen\/"},{"@type":"ListItem","position":4,"name":"Kia \u00c2me"}]},{"@type":"WebSite","@id":"https:\/\/all-car-news.com\/fr\/#website","url":"https:\/\/all-car-news.com\/fr\/","name":"All cars news","description":"","publisher":{"@id":"https:\/\/all-car-news.com\/fr\/#organization"},"potentialAction":[{"@type":"SearchAction","target":{"@type":"EntryPoint","urlTemplate":"https:\/\/all-car-news.com\/fr\/?s={search_term_string}"},"query-input":"required name=search_term_string"}],"inLanguage":"fr-FR"},{"@type":"Organization","@id":"https:\/\/all-car-news.com\/fr\/#organization","name":"All cars news","url":"https:\/\/all-car-news.com\/fr\/","logo":{"@type":"ImageObject","inLanguage":"fr-FR","@id":"https:\/\/all-car-news.com\/fr\/#\/schema\/logo\/image\/","url":"https:\/\/all-car-news.com\/wp-content\/uploads\/2022\/02\/CMYK-AllCarNews_LANDSCAPE_300px-1.png","contentUrl":"https:\/\/all-car-news.com\/wp-content\/uploads\/2022\/02\/CMYK-AllCarNews_LANDSCAPE_300px-1.png","width":300,"height":100,"caption":"All cars news"},"image":{"@id":"https:\/\/all-car-news.com\/fr\/#\/schema\/logo\/image\/"}}]}},"_links":{"self":[{"href":"https:\/\/all-car-news.com\/fr\/wp-json\/wp\/v2\/pages\/118171","targetHints":{"allow":["GET"]}}],"collection":[{"href":"https:\/\/all-car-news.com\/fr\/wp-json\/wp\/v2\/pages"}],"about":[{"href":"https:\/\/all-car-news.com\/fr\/wp-json\/wp\/v2\/types\/page"}],"author":[{"embeddable":true,"href":"https:\/\/all-car-news.com\/fr\/wp-json\/wp\/v2\/users\/4"}],"replies":[{"embeddable":true,"href":"https:\/\/all-car-news.com\/fr\/wp-json\/wp\/v2\/comments?post=118171"}],"version-history":[{"count":0,"href":"https:\/\/all-car-news.com\/fr\/wp-json\/wp\/v2\/pages\/118171\/revisions"}],"up":[{"embeddable":true,"href":"https:\/\/all-car-news.com\/fr\/wp-json\/wp\/v2\/pages\/117698"}],"wp:featuredmedia":[{"embeddable":true,"href":"https:\/\/all-car-news.com\/fr\/wp-json\/wp\/v2\/media\/118128"}],"wp:attachment":[{"href":"https:\/\/all-car-news.com\/fr\/wp-json\/wp\/v2\/media?parent=118171"}],"curies":[{"name":"wp","href":"https:\/\/api.w.org\/{rel}","templated":true}]}}