{"id":116995,"date":"2022-03-02T11:31:28","date_gmt":"2022-03-02T11:31:28","guid":{"rendered":"https:\/\/all-car-news.com\/trouveur-de-voiture\/bmw\/cabriolet-bmw-serie-4\/"},"modified":"2022-03-08T09:03:39","modified_gmt":"2022-03-08T09:03:39","slug":"cabriolet-bmw-serie-4","status":"publish","type":"page","link":"https:\/\/all-car-news.com\/fr\/trouveur-de-voiture\/bmw\/cabriolet-bmw-serie-4\/","title":{"rendered":"cabriolet BMW s\u00e9rie 4"},"content":{"rendered":"\n<p>En 1975, la gamme de mod\u00e8les BMW S\u00e9rie 3 a commenc\u00e9 avec seulement une berline \u00e0 deux portes (coup\u00e9) et un cabriolet. La premi\u00e8re g\u00e9n\u00e9ration n&rsquo;\u00e9tait pas disponible dans d&rsquo;autres styles de carrosserie. Nous sommes maintenant plusieurs d\u00e9cennies et six g\u00e9n\u00e9rations plus loin. C&rsquo;est pr\u00e9cis\u00e9ment la version coup\u00e9 qui s&rsquo;est maintenant scind\u00e9e avec le Cabrio dans la S\u00e9rie 4. Un nouveau style de carrosserie a \u00e9galement \u00e9t\u00e9 ajout\u00e9 : la S\u00e9rie 4 Gran Coup\u00e9.<\/p>\n\n<p>En 1975, la gamme de mod\u00e8les BMW S\u00e9rie 3 a commenc\u00e9 avec seulement une berline \u00e0 deux portes (coup\u00e9) et un cabriolet. La premi\u00e8re g\u00e9n\u00e9ration n&rsquo;\u00e9tait pas disponible dans d&rsquo;autres styles de carrosserie. Nous sommes maintenant plusieurs d\u00e9cennies et six g\u00e9n\u00e9rations plus loin. C&rsquo;est pr\u00e9cis\u00e9ment la version coup\u00e9 qui s&rsquo;est maintenant scind\u00e9e avec le Cabrio dans la S\u00e9rie 4. Un nouveau style de carrosserie a \u00e9galement \u00e9t\u00e9 ajout\u00e9 : la S\u00e9rie 4 Gran Coup\u00e9.<\/p>\n\n<h2 class=\"wp-block-heading\"><br\/><br\/><strong>M4 ou M Sport ?<\/strong><\/h2>\n\n<p><br\/>La reclassification de la gamme de mod\u00e8les de BMW garantit que la BMW M3 n&rsquo;est d\u00e9sormais disponible qu&rsquo;en berline. Le M3 Coup\u00e9, plus connu, continue d\u00e9sormais sous le nom de M4 Coup\u00e9. Incidemment, cette version sportive d&rsquo;au moins 431 ch est \u00e9galement disponible en cabriolet. Ceux qui pr\u00e9f\u00e8rent une S\u00e9rie 4 Gran Coup\u00e9 devront se contenter d&rsquo;un pack M Sport.<br\/><br\/><\/p>\n\n<h2 class=\"wp-block-heading\"><strong>Nouvelle g\u00e9n\u00e9ration<\/strong><\/h2>\n\n<p><br\/>La s\u00e9rie 4 actuelle de deuxi\u00e8me g\u00e9n\u00e9ration est devenue disponible au second semestre 2020. La caract\u00e9ristique la plus frappante du nouveau mod\u00e8le est peut-\u00eatre la conception avec une calandre extra-large, qui s&rsquo;\u00e9tend presque jusqu&rsquo;\u00e0 la surface de la route. Il ferait r\u00e9f\u00e9rence \u00e0 des mod\u00e8les historiques comme la 328. En tout cas, il offre une apparence tr\u00e8s reconnaissable.<\/p>\n\n<h2 class=\"wp-block-heading\">Technique<\/h2>\n\n<figure class=\"wp-block-table is-style-stripes\"><table class=\"has-fixed-layout\"><tbody><tr><td>Type de moteur<\/td><td>essence, ligne 4 cylindres<\/td><\/tr><tr><td>D\u00e9placement<\/td><td>1 998 cm\u00b3<\/td><\/tr><tr><td>max. les atouts<\/td><td>135 kW (184 ch)<\/td><\/tr><tr><td>abeille<\/td><td>5 000 tr\/min<\/td><\/tr><tr><td>max. coupler<\/td><td>300 Nm<\/td><\/tr><tr><td>abeille<\/td><td>1\u00a0350 tr\/min<\/td><\/tr><tr><td>Conduire<\/td><td>roues arri\u00e8res<\/td><\/tr><tr><td>Freins de\/a<\/td><td>\u00e9tant donn\u00e9 dames<\/td><\/tr><tr><td>Cercle de braquage<\/td><td>11,4 m<\/td><\/tr><tr><td>Plage de puissance<\/td><td>135 \u00e0 375 kW<\/td><\/tr><\/tbody><\/table><\/figure>\n\n<h2 class=\"wp-block-heading\">G\u00e9n\u00e9ral<\/h2>\n\n<figure class=\"wp-block-table is-style-stripes\"><table class=\"has-fixed-layout\"><tbody><tr><td>Transmission<\/td><td>8AT<\/td><\/tr><tr><td>Type de corps<\/td><td>2 p. convertible<\/td><\/tr><tr><td>EuroNCAP<\/td><td>5 \u00e9toiles<\/td><\/tr><tr><td>Lancement sur le march\u00e9<\/td><td>janvier 2021<\/td><\/tr><tr><td>Dernier lifting<\/td><td>N \/ A<\/td><\/tr><tr><td>Garantie<\/td><td>3 ann\u00e9es<\/td><\/tr><tr><td>A partir du prix<\/td><td>61 252 \u20ac<\/td><\/tr><\/tbody><\/table><\/figure>\n\n<h2 class=\"wp-block-heading\">Dimensions\/poids<\/h2>\n\n<figure class=\"wp-block-table is-style-stripes\"><table class=\"has-fixed-layout\"><tbody><tr><td>La taille des pneus<\/td><td>225\/50R17<\/td><\/tr><tr><td>L xlxh<\/td><td>4 768 x 1 852 x 1 384 mm<\/td><\/tr><tr><td>Empattement<\/td><td>2 851 mm<\/td><\/tr><tr><td>Masse vide<\/td><td>1 765 kilogrammes<\/td><\/tr><tr><td>max. selon poids<\/td><td>1 600 kilogrammes<\/td><\/tr><tr><td>suite sac. salle.<\/td><td>385 litres<\/td><\/tr><tr><td>Capacit\u00e9 du r\u00e9servoir<\/td><td>59 litres<\/td><\/tr><\/tbody><\/table><\/figure>\n\n<h2 class=\"wp-block-heading\">Consommation<\/h2>\n\n<figure class=\"wp-block-table is-style-stripes\"><table class=\"has-fixed-layout\"><tbody><tr><td>Connecticut. combin\u00e9<\/td><td>6,7 l\/100 km<\/td><\/tr><tr><td>\u00c9missions de CO\u2082<\/td><td>152g\/km<\/td><\/tr><tr><td>Etiquette \u00e9nerg\u00e9tique<\/td><td>B<\/td><\/tr><\/tbody><\/table><\/figure>\n\n<h2 class=\"wp-block-heading\">Performance<\/h2>\n\n<figure class=\"wp-block-table is-style-stripes\"><table class=\"has-fixed-layout\"><tbody><tr><td>Acc. 0-100km\/h<\/td><td>8,2 s<\/td><\/tr><tr><td>vitesse de pointe<\/td><td>236 km\/h<\/td><\/tr><\/tbody><\/table><\/figure>\n","protected":false},"excerpt":{"rendered":"<p>En 1975, la gamme de mod\u00e8les BMW S\u00e9rie 3 a commenc\u00e9 avec seulement une berline \u00e0 deux portes (coup\u00e9) et [&hellip;]<\/p>\n","protected":false},"author":4,"featured_media":116907,"parent":116517,"menu_order":0,"comment_status":"closed","ping_status":"closed","template":"","meta":{"footnotes":""},"class_list":["post-116995","page","type-page","status-publish","has-post-thumbnail","hentry"],"acf":[],"yoast_head":"<!-- This site is optimized with the Yoast SEO plugin v21.2 - https:\/\/yoast.com\/wordpress\/plugins\/seo\/ -->\n<title>cabriolet BMW s\u00e9rie 4 - All cars news<\/title>\n<meta name=\"robots\" content=\"index, follow, max-snippet:-1, max-image-preview:large, max-video-preview:-1\" \/>\n<link rel=\"canonical\" href=\"https:\/\/all-car-news.com\/fr\/trouveur-de-voiture\/bmw\/cabriolet-bmw-serie-4\/\" \/>\n<meta property=\"og:locale\" content=\"fr_FR\" \/>\n<meta property=\"og:type\" content=\"article\" \/>\n<meta property=\"og:title\" content=\"cabriolet BMW s\u00e9rie 4 - All cars news\" \/>\n<meta property=\"og:description\" content=\"En 1975, la gamme de mod\u00e8les BMW S\u00e9rie 3 a commenc\u00e9 avec seulement une berline \u00e0 deux portes (coup\u00e9) et [&hellip;]\" \/>\n<meta property=\"og:url\" content=\"https:\/\/all-car-news.com\/fr\/trouveur-de-voiture\/bmw\/cabriolet-bmw-serie-4\/\" \/>\n<meta property=\"og:site_name\" content=\"All cars news\" \/>\n<meta property=\"article:modified_time\" content=\"2022-03-08T09:03:39+00:00\" \/>\n<meta property=\"og:image\" content=\"https:\/\/all-car-news.com\/wp-content\/uploads\/2022\/03\/2CCDECD7-72B5-4E2D-8525-B298E2A8AF77.jpeg\" \/>\n\t<meta property=\"og:image:width\" content=\"480\" \/>\n\t<meta property=\"og:image:height\" content=\"360\" \/>\n\t<meta property=\"og:image:type\" content=\"image\/jpeg\" \/>\n<meta name=\"twitter:card\" content=\"summary_large_image\" \/>\n<meta name=\"twitter:label1\" content=\"Dur\u00e9e de lecture estim\u00e9e\" \/>\n\t<meta name=\"twitter:data1\" content=\"2 minutes\" \/>\n<script type=\"application\/ld+json\" class=\"yoast-schema-graph\">{\"@context\":\"https:\/\/schema.org\",\"@graph\":[{\"@type\":\"WebPage\",\"@id\":\"https:\/\/all-car-news.com\/fr\/trouveur-de-voiture\/bmw\/cabriolet-bmw-serie-4\/\",\"url\":\"https:\/\/all-car-news.com\/fr\/trouveur-de-voiture\/bmw\/cabriolet-bmw-serie-4\/\",\"name\":\"cabriolet BMW s\u00e9rie 4 - All cars news\",\"isPartOf\":{\"@id\":\"https:\/\/all-car-news.com\/fr\/#website\"},\"datePublished\":\"2022-03-02T11:31:28+00:00\",\"dateModified\":\"2022-03-08T09:03:39+00:00\",\"breadcrumb\":{\"@id\":\"https:\/\/all-car-news.com\/fr\/trouveur-de-voiture\/bmw\/cabriolet-bmw-serie-4\/#breadcrumb\"},\"inLanguage\":\"fr-FR\",\"potentialAction\":[{\"@type\":\"ReadAction\",\"target\":[\"https:\/\/all-car-news.com\/fr\/trouveur-de-voiture\/bmw\/cabriolet-bmw-serie-4\/\"]}]},{\"@type\":\"BreadcrumbList\",\"@id\":\"https:\/\/all-car-news.com\/fr\/trouveur-de-voiture\/bmw\/cabriolet-bmw-serie-4\/#breadcrumb\",\"itemListElement\":[{\"@type\":\"ListItem\",\"position\":1,\"name\":\"Home\",\"item\":\"https:\/\/all-car-news.com\/fr\/\"},{\"@type\":\"ListItem\",\"position\":2,\"name\":\"trouveur de voiture\",\"item\":\"https:\/\/all-car-news.com\/fr\/trouveur-de-voiture\/\"},{\"@type\":\"ListItem\",\"position\":3,\"name\":\"BMW\",\"item\":\"https:\/\/all-car-news.com\/fr\/trouveur-de-voiture\/bmw\/\"},{\"@type\":\"ListItem\",\"position\":4,\"name\":\"cabriolet BMW s\u00e9rie 4\"}]},{\"@type\":\"WebSite\",\"@id\":\"https:\/\/all-car-news.com\/fr\/#website\",\"url\":\"https:\/\/all-car-news.com\/fr\/\",\"name\":\"All cars news\",\"description\":\"\",\"publisher\":{\"@id\":\"https:\/\/all-car-news.com\/fr\/#organization\"},\"potentialAction\":[{\"@type\":\"SearchAction\",\"target\":{\"@type\":\"EntryPoint\",\"urlTemplate\":\"https:\/\/all-car-news.com\/fr\/?s={search_term_string}\"},\"query-input\":\"required name=search_term_string\"}],\"inLanguage\":\"fr-FR\"},{\"@type\":\"Organization\",\"@id\":\"https:\/\/all-car-news.com\/fr\/#organization\",\"name\":\"All cars news\",\"url\":\"https:\/\/all-car-news.com\/fr\/\",\"logo\":{\"@type\":\"ImageObject\",\"inLanguage\":\"fr-FR\",\"@id\":\"https:\/\/all-car-news.com\/fr\/#\/schema\/logo\/image\/\",\"url\":\"https:\/\/all-car-news.com\/wp-content\/uploads\/2022\/02\/CMYK-AllCarNews_LANDSCAPE_300px-1.png\",\"contentUrl\":\"https:\/\/all-car-news.com\/wp-content\/uploads\/2022\/02\/CMYK-AllCarNews_LANDSCAPE_300px-1.png\",\"width\":300,\"height\":100,\"caption\":\"All cars news\"},\"image\":{\"@id\":\"https:\/\/all-car-news.com\/fr\/#\/schema\/logo\/image\/\"}}]}<\/script>\n<!-- \/ Yoast SEO plugin. -->","yoast_head_json":{"title":"cabriolet BMW s\u00e9rie 4 - All cars news","robots":{"index":"index","follow":"follow","max-snippet":"max-snippet:-1","max-image-preview":"max-image-preview:large","max-video-preview":"max-video-preview:-1"},"canonical":"https:\/\/all-car-news.com\/fr\/trouveur-de-voiture\/bmw\/cabriolet-bmw-serie-4\/","og_locale":"fr_FR","og_type":"article","og_title":"cabriolet BMW s\u00e9rie 4 - All cars news","og_description":"En 1975, la gamme de mod\u00e8les BMW S\u00e9rie 3 a commenc\u00e9 avec seulement une berline \u00e0 deux portes (coup\u00e9) et [&hellip;]","og_url":"https:\/\/all-car-news.com\/fr\/trouveur-de-voiture\/bmw\/cabriolet-bmw-serie-4\/","og_site_name":"All cars news","article_modified_time":"2022-03-08T09:03:39+00:00","og_image":[{"width":480,"height":360,"url":"https:\/\/all-car-news.com\/wp-content\/uploads\/2022\/03\/2CCDECD7-72B5-4E2D-8525-B298E2A8AF77.jpeg","type":"image\/jpeg"}],"twitter_card":"summary_large_image","twitter_misc":{"Dur\u00e9e de lecture estim\u00e9e":"2 minutes"},"schema":{"@context":"https:\/\/schema.org","@graph":[{"@type":"WebPage","@id":"https:\/\/all-car-news.com\/fr\/trouveur-de-voiture\/bmw\/cabriolet-bmw-serie-4\/","url":"https:\/\/all-car-news.com\/fr\/trouveur-de-voiture\/bmw\/cabriolet-bmw-serie-4\/","name":"cabriolet BMW s\u00e9rie 4 - All cars news","isPartOf":{"@id":"https:\/\/all-car-news.com\/fr\/#website"},"datePublished":"2022-03-02T11:31:28+00:00","dateModified":"2022-03-08T09:03:39+00:00","breadcrumb":{"@id":"https:\/\/all-car-news.com\/fr\/trouveur-de-voiture\/bmw\/cabriolet-bmw-serie-4\/#breadcrumb"},"inLanguage":"fr-FR","potentialAction":[{"@type":"ReadAction","target":["https:\/\/all-car-news.com\/fr\/trouveur-de-voiture\/bmw\/cabriolet-bmw-serie-4\/"]}]},{"@type":"BreadcrumbList","@id":"https:\/\/all-car-news.com\/fr\/trouveur-de-voiture\/bmw\/cabriolet-bmw-serie-4\/#breadcrumb","itemListElement":[{"@type":"ListItem","position":1,"name":"Home","item":"https:\/\/all-car-news.com\/fr\/"},{"@type":"ListItem","position":2,"name":"trouveur de voiture","item":"https:\/\/all-car-news.com\/fr\/trouveur-de-voiture\/"},{"@type":"ListItem","position":3,"name":"BMW","item":"https:\/\/all-car-news.com\/fr\/trouveur-de-voiture\/bmw\/"},{"@type":"ListItem","position":4,"name":"cabriolet BMW s\u00e9rie 4"}]},{"@type":"WebSite","@id":"https:\/\/all-car-news.com\/fr\/#website","url":"https:\/\/all-car-news.com\/fr\/","name":"All cars news","description":"","publisher":{"@id":"https:\/\/all-car-news.com\/fr\/#organization"},"potentialAction":[{"@type":"SearchAction","target":{"@type":"EntryPoint","urlTemplate":"https:\/\/all-car-news.com\/fr\/?s={search_term_string}"},"query-input":"required name=search_term_string"}],"inLanguage":"fr-FR"},{"@type":"Organization","@id":"https:\/\/all-car-news.com\/fr\/#organization","name":"All cars news","url":"https:\/\/all-car-news.com\/fr\/","logo":{"@type":"ImageObject","inLanguage":"fr-FR","@id":"https:\/\/all-car-news.com\/fr\/#\/schema\/logo\/image\/","url":"https:\/\/all-car-news.com\/wp-content\/uploads\/2022\/02\/CMYK-AllCarNews_LANDSCAPE_300px-1.png","contentUrl":"https:\/\/all-car-news.com\/wp-content\/uploads\/2022\/02\/CMYK-AllCarNews_LANDSCAPE_300px-1.png","width":300,"height":100,"caption":"All cars news"},"image":{"@id":"https:\/\/all-car-news.com\/fr\/#\/schema\/logo\/image\/"}}]}},"_links":{"self":[{"href":"https:\/\/all-car-news.com\/fr\/wp-json\/wp\/v2\/pages\/116995","targetHints":{"allow":["GET"]}}],"collection":[{"href":"https:\/\/all-car-news.com\/fr\/wp-json\/wp\/v2\/pages"}],"about":[{"href":"https:\/\/all-car-news.com\/fr\/wp-json\/wp\/v2\/types\/page"}],"author":[{"embeddable":true,"href":"https:\/\/all-car-news.com\/fr\/wp-json\/wp\/v2\/users\/4"}],"replies":[{"embeddable":true,"href":"https:\/\/all-car-news.com\/fr\/wp-json\/wp\/v2\/comments?post=116995"}],"version-history":[{"count":0,"href":"https:\/\/all-car-news.com\/fr\/wp-json\/wp\/v2\/pages\/116995\/revisions"}],"up":[{"embeddable":true,"href":"https:\/\/all-car-news.com\/fr\/wp-json\/wp\/v2\/pages\/116517"}],"wp:featuredmedia":[{"embeddable":true,"href":"https:\/\/all-car-news.com\/fr\/wp-json\/wp\/v2\/media\/116907"}],"wp:attachment":[{"href":"https:\/\/all-car-news.com\/fr\/wp-json\/wp\/v2\/media?parent=116995"}],"curies":[{"name":"wp","href":"https:\/\/api.w.org\/{rel}","templated":true}]}}