{"id":116999,"date":"2022-03-02T11:31:32","date_gmt":"2022-03-02T11:31:32","guid":{"rendered":"https:\/\/all-car-news.com\/buscador-de-coches\/bmw\/bmw-serie-4-descapotable\/"},"modified":"2022-03-08T09:03:43","modified_gmt":"2022-03-08T09:03:43","slug":"bmw-serie-4-descapotable","status":"publish","type":"page","link":"https:\/\/all-car-news.com\/es\/buscador-de-coches\/bmw\/bmw-serie-4-descapotable\/","title":{"rendered":"BMW serie 4 descapotable"},"content":{"rendered":"\n<p>En 1975, la l\u00ednea de modelos BMW Serie 3 comenz\u00f3 con solo un sed\u00e1n de dos puertas (coup\u00e9) y un convertible. La primera generaci\u00f3n no estaba disponible en otros estilos de carrocer\u00eda. Ahora estamos varias d\u00e9cadas y seis generaciones m\u00e1s. Es precisamente la versi\u00f3n coup\u00e9 la que ahora se ha desgajado del Cabrio en el Serie 4. Tambi\u00e9n se agreg\u00f3 un nuevo estilo de carrocer\u00eda: el Serie 4 Gran Coup\u00e9.<\/p>\n\n<p>En 1975, la l\u00ednea de modelos BMW Serie 3 comenz\u00f3 con solo un sed\u00e1n de dos puertas (coup\u00e9) y un convertible. La primera generaci\u00f3n no estaba disponible en otros estilos de carrocer\u00eda. Ahora estamos varias d\u00e9cadas y seis generaciones m\u00e1s. Es precisamente la versi\u00f3n coup\u00e9 la que ahora se ha desgajado del Cabrio en el Serie 4. Tambi\u00e9n se agreg\u00f3 un nuevo estilo de carrocer\u00eda: el Serie 4 Gran Coup\u00e9.<\/p>\n\n<h2 class=\"wp-block-heading\"><br\/><br\/><strong>\u00bfM4 o M deportivo?<\/strong><\/h2>\n\n<p><br\/>La reclasificaci\u00f3n de la gama de modelos de BMW asegura que el BMW M3 ahora solo est\u00e9 disponible como sed\u00e1n. El M3 Coup\u00e9 m\u00e1s conocido ahora contin\u00faa como el M4 Coup\u00e9. Por cierto, esta potente versi\u00f3n deportiva de al menos 431 CV tambi\u00e9n est\u00e1 disponible como descapotable. Quienes prefieran un Serie 4 Gran Coup\u00e9 tendr\u00e1n que conformarse con un paquete M Sport.<br\/><br\/><\/p>\n\n<h2 class=\"wp-block-heading\"><strong>Nueva generaci\u00f3n<\/strong><\/h2>\n\n<p><br\/>La Serie 4 actual de segunda generaci\u00f3n estuvo disponible en la segunda mitad de 2020. Quiz\u00e1s la caracter\u00edstica m\u00e1s llamativa del nuevo modelo es el dise\u00f1o con una parrilla extra grande, que se extiende casi hasta la superficie de la carretera. Se referir\u00eda a modelos hist\u00f3ricos como el 328. En cualquier caso, proporciona un aspecto muy reconocible.<\/p>\n\n<h2 class=\"wp-block-heading\">T\u00e9cnico<\/h2>\n\n<figure class=\"wp-block-table is-style-stripes\"><table class=\"has-fixed-layout\"><tbody><tr><td>Tipo de motor<\/td><td>gasolina, l\u00ednea de 4 cilindros<\/td><\/tr><tr><td>Desplazamiento<\/td><td>1.998 cm\u00b3<\/td><\/tr><tr><td>m\u00e1x. activos<\/td><td>135 kW (184 CV)<\/td><\/tr><tr><td>abeja<\/td><td>5.000 rpm<\/td><\/tr><tr><td>m\u00e1x. Pareja<\/td><td>300 nm<\/td><\/tr><tr><td>abeja<\/td><td>1.350 rpm<\/td><\/tr><tr><td>Conducir<\/td><td>ruedas traseras<\/td><\/tr><tr><td>Frenos de\/a<\/td><td>dado juego de damas<\/td><\/tr><tr><td>Radio de giro<\/td><td>11,4 metros<\/td><\/tr><tr><td>Rango de poder<\/td><td>135 a 375 kilovatios<\/td><\/tr><\/tbody><\/table><\/figure>\n\n<h2 class=\"wp-block-heading\">General<\/h2>\n\n<figure class=\"wp-block-table is-style-stripes\"><table class=\"has-fixed-layout\"><tbody><tr><td>Transmisi\u00f3n<\/td><td>8AT<\/td><\/tr><tr><td>Tipo de cuerpo<\/td><td>2 hab. convertible<\/td><\/tr><tr><td>EuroNCAP<\/td><td>5 estrellas<\/td><\/tr><tr><td>Lanzamiento al mercado<\/td><td>enero 2021<\/td><\/tr><tr><td>\u00daltimo lavado de cara<\/td><td>N \/ A<\/td><\/tr><tr><td>Garant\u00eda<\/td><td>3 a\u00f1os<\/td><\/tr><tr><td>Desde precio<\/td><td>61.252\u20ac<\/td><\/tr><\/tbody><\/table><\/figure>\n\n<h2 class=\"wp-block-heading\">Dimensiones\/pesos<\/h2>\n\n<figure class=\"wp-block-table is-style-stripes\"><table class=\"has-fixed-layout\"><tbody><tr><td>Tama\u00f1o de llanta<\/td><td>225\/50 R17<\/td><\/tr><tr><td>L x An x Al<\/td><td>4.768 x 1.852 x 1.384 mm<\/td><\/tr><tr><td>distancia entre ejes<\/td><td>2851 mm<\/td><\/tr><tr><td>Masa vac\u00eda<\/td><td>1.765 kg<\/td><\/tr><tr><td>m\u00e1x. seg\u00fan peso<\/td><td>1.600 kg<\/td><\/tr><tr><td>continuaci\u00f3n bolsa. habitaci\u00f3n.<\/td><td>385 litros<\/td><\/tr><tr><td>Capacidad del tanque<\/td><td>59 litros<\/td><\/tr><\/tbody><\/table><\/figure>\n\n<h2 class=\"wp-block-heading\">Consumo<\/h2>\n\n<figure class=\"wp-block-table is-style-stripes\"><table class=\"has-fixed-layout\"><tbody><tr><td>con. conjunto<\/td><td>6,7 l\/100 km<\/td><\/tr><tr><td>emisiones de CO\u2082<\/td><td>152g\/km<\/td><\/tr><tr><td>Etiqueta energ\u00e9tica<\/td><td>B<\/td><\/tr><\/tbody><\/table><\/figure>\n\n<h2 class=\"wp-block-heading\">Rendimiento<\/h2>\n\n<figure class=\"wp-block-table is-style-stripes\"><table class=\"has-fixed-layout\"><tbody><tr><td>Cuenta 0-100 km\/h<\/td><td>8.2 seg<\/td><\/tr><tr><td>velocidad m\u00e1xima<\/td><td>236 km\/h<\/td><\/tr><\/tbody><\/table><\/figure>\n","protected":false},"excerpt":{"rendered":"<p>En 1975, la l\u00ednea de modelos BMW Serie 3 comenz\u00f3 con solo un sed\u00e1n de dos puertas (coup\u00e9) y un [&hellip;]<\/p>\n","protected":false},"author":4,"featured_media":116909,"parent":116516,"menu_order":0,"comment_status":"closed","ping_status":"closed","template":"","meta":{"footnotes":""},"class_list":["post-116999","page","type-page","status-publish","has-post-thumbnail","hentry"],"acf":[],"yoast_head":"<!-- This site is optimized with the Yoast SEO plugin v21.2 - https:\/\/yoast.com\/wordpress\/plugins\/seo\/ -->\n<title>BMW serie 4 descapotable - All cars news<\/title>\n<meta name=\"robots\" content=\"index, follow, max-snippet:-1, max-image-preview:large, max-video-preview:-1\" \/>\n<link rel=\"canonical\" href=\"https:\/\/all-car-news.com\/es\/buscador-de-coches\/bmw\/bmw-serie-4-descapotable\/\" \/>\n<meta property=\"og:locale\" content=\"es_ES\" \/>\n<meta property=\"og:type\" content=\"article\" \/>\n<meta property=\"og:title\" content=\"BMW serie 4 descapotable - All cars news\" \/>\n<meta property=\"og:description\" content=\"En 1975, la l\u00ednea de modelos BMW Serie 3 comenz\u00f3 con solo un sed\u00e1n de dos puertas (coup\u00e9) y un [&hellip;]\" \/>\n<meta property=\"og:url\" content=\"https:\/\/all-car-news.com\/es\/buscador-de-coches\/bmw\/bmw-serie-4-descapotable\/\" \/>\n<meta property=\"og:site_name\" content=\"All cars news\" \/>\n<meta property=\"article:modified_time\" content=\"2022-03-08T09:03:43+00:00\" \/>\n<meta property=\"og:image\" content=\"https:\/\/all-car-news.com\/wp-content\/uploads\/2022\/03\/2CCDECD7-72B5-4E2D-8525-B298E2A8AF77.jpeg\" \/>\n\t<meta property=\"og:image:width\" content=\"480\" \/>\n\t<meta property=\"og:image:height\" content=\"360\" \/>\n\t<meta property=\"og:image:type\" content=\"image\/jpeg\" \/>\n<meta name=\"twitter:card\" content=\"summary_large_image\" \/>\n<meta name=\"twitter:label1\" content=\"Tiempo de lectura\" \/>\n\t<meta name=\"twitter:data1\" content=\"2 minutos\" \/>\n<script type=\"application\/ld+json\" class=\"yoast-schema-graph\">{\"@context\":\"https:\/\/schema.org\",\"@graph\":[{\"@type\":\"WebPage\",\"@id\":\"https:\/\/all-car-news.com\/es\/buscador-de-coches\/bmw\/bmw-serie-4-descapotable\/\",\"url\":\"https:\/\/all-car-news.com\/es\/buscador-de-coches\/bmw\/bmw-serie-4-descapotable\/\",\"name\":\"BMW serie 4 descapotable - All cars news\",\"isPartOf\":{\"@id\":\"https:\/\/all-car-news.com\/es\/#website\"},\"datePublished\":\"2022-03-02T11:31:32+00:00\",\"dateModified\":\"2022-03-08T09:03:43+00:00\",\"breadcrumb\":{\"@id\":\"https:\/\/all-car-news.com\/es\/buscador-de-coches\/bmw\/bmw-serie-4-descapotable\/#breadcrumb\"},\"inLanguage\":\"es\",\"potentialAction\":[{\"@type\":\"ReadAction\",\"target\":[\"https:\/\/all-car-news.com\/es\/buscador-de-coches\/bmw\/bmw-serie-4-descapotable\/\"]}]},{\"@type\":\"BreadcrumbList\",\"@id\":\"https:\/\/all-car-news.com\/es\/buscador-de-coches\/bmw\/bmw-serie-4-descapotable\/#breadcrumb\",\"itemListElement\":[{\"@type\":\"ListItem\",\"position\":1,\"name\":\"Home\",\"item\":\"https:\/\/all-car-news.com\/es\/\"},{\"@type\":\"ListItem\",\"position\":2,\"name\":\"buscador de coches\",\"item\":\"https:\/\/all-car-news.com\/es\/buscador-de-coches\/\"},{\"@type\":\"ListItem\",\"position\":3,\"name\":\"BMW\",\"item\":\"https:\/\/all-car-news.com\/es\/buscador-de-coches\/bmw\/\"},{\"@type\":\"ListItem\",\"position\":4,\"name\":\"BMW serie 4 descapotable\"}]},{\"@type\":\"WebSite\",\"@id\":\"https:\/\/all-car-news.com\/es\/#website\",\"url\":\"https:\/\/all-car-news.com\/es\/\",\"name\":\"All cars news\",\"description\":\"\",\"publisher\":{\"@id\":\"https:\/\/all-car-news.com\/es\/#organization\"},\"potentialAction\":[{\"@type\":\"SearchAction\",\"target\":{\"@type\":\"EntryPoint\",\"urlTemplate\":\"https:\/\/all-car-news.com\/es\/?s={search_term_string}\"},\"query-input\":\"required name=search_term_string\"}],\"inLanguage\":\"es\"},{\"@type\":\"Organization\",\"@id\":\"https:\/\/all-car-news.com\/es\/#organization\",\"name\":\"All cars news\",\"url\":\"https:\/\/all-car-news.com\/es\/\",\"logo\":{\"@type\":\"ImageObject\",\"inLanguage\":\"es\",\"@id\":\"https:\/\/all-car-news.com\/es\/#\/schema\/logo\/image\/\",\"url\":\"https:\/\/all-car-news.com\/wp-content\/uploads\/2022\/02\/CMYK-AllCarNews_LANDSCAPE_300px-1.png\",\"contentUrl\":\"https:\/\/all-car-news.com\/wp-content\/uploads\/2022\/02\/CMYK-AllCarNews_LANDSCAPE_300px-1.png\",\"width\":300,\"height\":100,\"caption\":\"All cars news\"},\"image\":{\"@id\":\"https:\/\/all-car-news.com\/es\/#\/schema\/logo\/image\/\"}}]}<\/script>\n<!-- \/ Yoast SEO plugin. -->","yoast_head_json":{"title":"BMW serie 4 descapotable - All cars news","robots":{"index":"index","follow":"follow","max-snippet":"max-snippet:-1","max-image-preview":"max-image-preview:large","max-video-preview":"max-video-preview:-1"},"canonical":"https:\/\/all-car-news.com\/es\/buscador-de-coches\/bmw\/bmw-serie-4-descapotable\/","og_locale":"es_ES","og_type":"article","og_title":"BMW serie 4 descapotable - All cars news","og_description":"En 1975, la l\u00ednea de modelos BMW Serie 3 comenz\u00f3 con solo un sed\u00e1n de dos puertas (coup\u00e9) y un [&hellip;]","og_url":"https:\/\/all-car-news.com\/es\/buscador-de-coches\/bmw\/bmw-serie-4-descapotable\/","og_site_name":"All cars news","article_modified_time":"2022-03-08T09:03:43+00:00","og_image":[{"width":480,"height":360,"url":"https:\/\/all-car-news.com\/wp-content\/uploads\/2022\/03\/2CCDECD7-72B5-4E2D-8525-B298E2A8AF77.jpeg","type":"image\/jpeg"}],"twitter_card":"summary_large_image","twitter_misc":{"Tiempo de lectura":"2 minutos"},"schema":{"@context":"https:\/\/schema.org","@graph":[{"@type":"WebPage","@id":"https:\/\/all-car-news.com\/es\/buscador-de-coches\/bmw\/bmw-serie-4-descapotable\/","url":"https:\/\/all-car-news.com\/es\/buscador-de-coches\/bmw\/bmw-serie-4-descapotable\/","name":"BMW serie 4 descapotable - All cars news","isPartOf":{"@id":"https:\/\/all-car-news.com\/es\/#website"},"datePublished":"2022-03-02T11:31:32+00:00","dateModified":"2022-03-08T09:03:43+00:00","breadcrumb":{"@id":"https:\/\/all-car-news.com\/es\/buscador-de-coches\/bmw\/bmw-serie-4-descapotable\/#breadcrumb"},"inLanguage":"es","potentialAction":[{"@type":"ReadAction","target":["https:\/\/all-car-news.com\/es\/buscador-de-coches\/bmw\/bmw-serie-4-descapotable\/"]}]},{"@type":"BreadcrumbList","@id":"https:\/\/all-car-news.com\/es\/buscador-de-coches\/bmw\/bmw-serie-4-descapotable\/#breadcrumb","itemListElement":[{"@type":"ListItem","position":1,"name":"Home","item":"https:\/\/all-car-news.com\/es\/"},{"@type":"ListItem","position":2,"name":"buscador de coches","item":"https:\/\/all-car-news.com\/es\/buscador-de-coches\/"},{"@type":"ListItem","position":3,"name":"BMW","item":"https:\/\/all-car-news.com\/es\/buscador-de-coches\/bmw\/"},{"@type":"ListItem","position":4,"name":"BMW serie 4 descapotable"}]},{"@type":"WebSite","@id":"https:\/\/all-car-news.com\/es\/#website","url":"https:\/\/all-car-news.com\/es\/","name":"All cars news","description":"","publisher":{"@id":"https:\/\/all-car-news.com\/es\/#organization"},"potentialAction":[{"@type":"SearchAction","target":{"@type":"EntryPoint","urlTemplate":"https:\/\/all-car-news.com\/es\/?s={search_term_string}"},"query-input":"required name=search_term_string"}],"inLanguage":"es"},{"@type":"Organization","@id":"https:\/\/all-car-news.com\/es\/#organization","name":"All cars news","url":"https:\/\/all-car-news.com\/es\/","logo":{"@type":"ImageObject","inLanguage":"es","@id":"https:\/\/all-car-news.com\/es\/#\/schema\/logo\/image\/","url":"https:\/\/all-car-news.com\/wp-content\/uploads\/2022\/02\/CMYK-AllCarNews_LANDSCAPE_300px-1.png","contentUrl":"https:\/\/all-car-news.com\/wp-content\/uploads\/2022\/02\/CMYK-AllCarNews_LANDSCAPE_300px-1.png","width":300,"height":100,"caption":"All cars news"},"image":{"@id":"https:\/\/all-car-news.com\/es\/#\/schema\/logo\/image\/"}}]}},"_links":{"self":[{"href":"https:\/\/all-car-news.com\/es\/wp-json\/wp\/v2\/pages\/116999","targetHints":{"allow":["GET"]}}],"collection":[{"href":"https:\/\/all-car-news.com\/es\/wp-json\/wp\/v2\/pages"}],"about":[{"href":"https:\/\/all-car-news.com\/es\/wp-json\/wp\/v2\/types\/page"}],"author":[{"embeddable":true,"href":"https:\/\/all-car-news.com\/es\/wp-json\/wp\/v2\/users\/4"}],"replies":[{"embeddable":true,"href":"https:\/\/all-car-news.com\/es\/wp-json\/wp\/v2\/comments?post=116999"}],"version-history":[{"count":0,"href":"https:\/\/all-car-news.com\/es\/wp-json\/wp\/v2\/pages\/116999\/revisions"}],"up":[{"embeddable":true,"href":"https:\/\/all-car-news.com\/es\/wp-json\/wp\/v2\/pages\/116516"}],"wp:featuredmedia":[{"embeddable":true,"href":"https:\/\/all-car-news.com\/es\/wp-json\/wp\/v2\/media\/116909"}],"wp:attachment":[{"href":"https:\/\/all-car-news.com\/es\/wp-json\/wp\/v2\/media?parent=116999"}],"curies":[{"name":"wp","href":"https:\/\/api.w.org\/{rel}","templated":true}]}}