{"version":"1.0","provider_name":"All cars news","provider_url":"https:\/\/all-car-news.com\/es\/","title":"\u00bfQu\u00e9 moto el\u00e9ctrica tiene mayor autonom\u00eda? - All cars news","type":"rich","width":600,"height":338,"html":"<blockquote class=\"wp-embedded-content\" data-secret=\"PJmzipu4F8\"><a href=\"https:\/\/all-car-news.com\/es\/que-moto-electrica-tiene-mayor-autonomia\/\">\u00bfQu\u00e9 moto el\u00e9ctrica tiene mayor autonom\u00eda?<\/a><\/blockquote><iframe sandbox=\"allow-scripts\" security=\"restricted\" src=\"https:\/\/all-car-news.com\/es\/que-moto-electrica-tiene-mayor-autonomia\/embed\/#?secret=PJmzipu4F8\" width=\"600\" height=\"338\" title=\"\u00ab\u00bfQu\u00e9 moto el\u00e9ctrica tiene mayor autonom\u00eda?\u00bb \u2014 All cars news\" data-secret=\"PJmzipu4F8\" frameborder=\"0\" marginwidth=\"0\" marginheight=\"0\" scrolling=\"no\" class=\"wp-embedded-content\"><\/iframe><script type=\"text\/javascript\">\n\/* <![CDATA[ *\/\n\/*! This file is auto-generated *\/\n!function(d,l){\"use strict\";l.querySelector&&d.addEventListener&&\"undefined\"!=typeof URL&&(d.wp=d.wp||{},d.wp.receiveEmbedMessage||(d.wp.receiveEmbedMessage=function(e){var t=e.data;if((t||t.secret||t.message||t.value)&&!\/[^a-zA-Z0-9]\/.test(t.secret)){for(var s,r,n,a=l.querySelectorAll('iframe[data-secret=\"'+t.secret+'\"]'),o=l.querySelectorAll('blockquote[data-secret=\"'+t.secret+'\"]'),c=new RegExp(\"^https?:$\",\"i\"),i=0;i<o.length;i++)o[i].style.display=\"none\";for(i=0;i<a.length;i++)s=a[i],e.source===s.contentWindow&&(s.removeAttribute(\"style\"),\"height\"===t.message?(1e3<(r=parseInt(t.value,10))?r=1e3:~~r<200&&(r=200),s.height=r):\"link\"===t.message&&(r=new URL(s.getAttribute(\"src\")),n=new URL(t.value),c.test(n.protocol))&&n.host===r.host&&l.activeElement===s&&(d.top.location.href=t.value))}},d.addEventListener(\"message\",d.wp.receiveEmbedMessage,!1),l.addEventListener(\"DOMContentLoaded\",function(){for(var e,t,s=l.querySelectorAll(\"iframe.wp-embedded-content\"),r=0;r<s.length;r++)(t=(e=s[r]).getAttribute(\"data-secret\"))||(t=Math.random().toString(36).substring(2,12),e.src+=\"#?secret=\"+t,e.setAttribute(\"data-secret\",t)),e.contentWindow.postMessage({message:\"ready\",secret:t},\"*\")},!1)))}(window,document);\n\/\/# sourceURL=https:\/\/all-car-news.com\/wp-includes\/js\/wp-embed.min.js\n\/* ]]> *\/\n<\/script>\n","thumbnail_url":"https:\/\/motorrai.nl\/wp-content\/uploads\/2021\/07\/BMW-CE-04-2021-FOTO-21-1140x760.jpg","thumbnail_width":600,"thumbnail_height":400,"description":"Las motos el\u00e9ctricas venden bocados. En nuestro pa\u00eds se venden menos de 200 al a\u00f1o, una miseria sobre un total de m\u00e1s de 15.000 motos vendidas anualmente. En comparaci\u00f3n con una moto \"de la vieja escuela\" con cilindros, est\u00e1 claro por qu\u00e9. Los compras nuevos por unos diez mil, mientras que por un min [...]"}