{"id":116996,"date":"2022-03-02T11:31:30","date_gmt":"2022-03-02T11:31:30","guid":{"rendered":"https:\/\/all-car-news.com\/autofinder\/bmw\/bmw-4er-cabrio\/"},"modified":"2022-03-08T09:03:40","modified_gmt":"2022-03-08T09:03:40","slug":"bmw-4er-cabrio","status":"publish","type":"page","link":"https:\/\/all-car-news.com\/de\/autofinder\/bmw\/bmw-4er-cabrio\/","title":{"rendered":"BMW 4er Cabrio"},"content":{"rendered":"\n<p>1975 startete die Modellreihe der BMW 3er Reihe nur mit einer zweit\u00fcrigen Limousine (Coup\u00e9) und einem Cabriolet. Die erste Generation war nicht in anderen Karosserievarianten erh\u00e4ltlich. Wir sind jetzt mehrere Jahrzehnte und sechs Generationen weiter. Genau die Coup\u00e9-Version hat sich nun mit dem Cabrio in die 4er-Reihe abgespalten. Hinzu kam eine neue Karosserieform: das 4er Gran Coup\u00e9.<\/p>\n\n<p>1975 startete die Modellreihe der BMW 3er Reihe nur mit einer zweit\u00fcrigen Limousine (Coup\u00e9) und einem Cabriolet. Die erste Generation war nicht in anderen Karosserievarianten erh\u00e4ltlich. Wir sind jetzt mehrere Jahrzehnte und sechs Generationen weiter. Genau die Coup\u00e9-Version hat sich nun mit dem Cabrio in die 4er-Reihe abgespalten. Hinzu kam eine neue Karosserieform: das 4er Gran Coup\u00e9.<\/p>\n\n<h2 class=\"wp-block-heading\"><br\/><br\/><strong>M4 oder M Sport?<\/strong><\/h2>\n\n<p><br\/>Die Neugliederung der Modellpalette von BMW sorgt daf\u00fcr, dass der BMW M3 nur noch als Limousine erh\u00e4ltlich ist. Das bekanntere M3 Coup\u00e9 wird nun als M4 Coup\u00e9 weitergef\u00fchrt. Diese mindestens 431 PS starke Sportversion gibt es \u00fcbrigens auch als Cabrio. Wer ein 4er Gran Coup\u00e9 bevorzugt, muss sich mit einem M Sportpaket begn\u00fcgen.<br\/><br\/><\/p>\n\n<h2 class=\"wp-block-heading\"><strong>Neue Generation<\/strong><\/h2>\n\n<p><br\/>Die aktuelle zweite Generation der 4er-Reihe wurde in der zweiten H\u00e4lfte des Jahres 2020 verf\u00fcgbar. Das vielleicht auff\u00e4lligste Merkmal des neuen Modells ist das Design mit einem extragro\u00dfen K\u00fchlergrill, der fast bis auf die Fahrbahn reicht. Es w\u00fcrde sich auf historische Modelle wie den 328 beziehen. In jedem Fall sorgt es f\u00fcr ein sehr erkennbares Erscheinungsbild.<\/p>\n\n<h2 class=\"wp-block-heading\">Technisch<\/h2>\n\n<figure class=\"wp-block-table is-style-stripes\"><table class=\"has-fixed-layout\"><tbody><tr><td>Motortyp<\/td><td>Benzin, 4-Zylinder-Reihe<\/td><\/tr><tr><td>Verschiebung<\/td><td>1.998 cm\u00b3<\/td><\/tr><tr><td>max. Verm\u00f6genswerte<\/td><td>135 kW (184 PS)<\/td><\/tr><tr><td>Biene<\/td><td>5.000 U\/min<\/td><\/tr><tr><td>max. Paar<\/td><td>300Nm<\/td><\/tr><tr><td>Biene<\/td><td>1.350 U\/min<\/td><\/tr><tr><td>Fahrt<\/td><td>Hinterr\u00e4der<\/td><\/tr><tr><td>Bremsen von\/a<\/td><td>gegeben Dame<\/td><\/tr><tr><td>Wendekreis<\/td><td>11,4 m<\/td><\/tr><tr><td>Leistungsbereich<\/td><td>135 bis 375 kW<\/td><\/tr><\/tbody><\/table><\/figure>\n\n<h2 class=\"wp-block-heading\">Allgemein<\/h2>\n\n<figure class=\"wp-block-table is-style-stripes\"><table class=\"has-fixed-layout\"><tbody><tr><td>\u00dcbertragung<\/td><td>8AT<\/td><\/tr><tr><td>K\u00f6rpertyp<\/td><td>2-tlg. Cabrio<\/td><\/tr><tr><td>Euro NCAP<\/td><td>5 Sterne<\/td><\/tr><tr><td>Markteinf\u00fchrung<\/td><td>Januar 2021<\/td><\/tr><tr><td>Neustes Facelift<\/td><td>N \/ A<\/td><\/tr><tr><td>Garantie<\/td><td>3 Jahre<\/td><\/tr><tr><td>Vom Preis<\/td><td>61.252 \u20ac<\/td><\/tr><\/tbody><\/table><\/figure>\n\n<h2 class=\"wp-block-heading\">Ma\u00dfe\/Gewichte<\/h2>\n\n<figure class=\"wp-block-table is-style-stripes\"><table class=\"has-fixed-layout\"><tbody><tr><td>Reifengr\u00f6\u00dfe<\/td><td>225\/50 R17<\/td><\/tr><tr><td>L x B x H<\/td><td>4.768 x 1.852 x 1.384 mm<\/td><\/tr><tr><td>Radstand<\/td><td>2.851 mm<\/td><\/tr><tr><td>Masse leer<\/td><td>1.765 kg<\/td><\/tr><tr><td>max. gem. Gew.<\/td><td>1.600 kg<\/td><\/tr><tr><td>Forts. Tasche. Zimmer.<\/td><td>385 l<\/td><\/tr><tr><td>Tankinhalt<\/td><td>59 l<\/td><\/tr><\/tbody><\/table><\/figure>\n\n<h2 class=\"wp-block-heading\">Verbrauch<\/h2>\n\n<figure class=\"wp-block-table is-style-stripes\"><table class=\"has-fixed-layout\"><tbody><tr><td>Anschluss kombiniert<\/td><td>6,7l\/100km<\/td><\/tr><tr><td>CO\u2082-Emissionen<\/td><td>152g\/km<\/td><\/tr><tr><td>Energielabel<\/td><td>B<\/td><\/tr><\/tbody><\/table><\/figure>\n\n<h2 class=\"wp-block-heading\">Leistung<\/h2>\n\n<figure class=\"wp-block-table is-style-stripes\"><table class=\"has-fixed-layout\"><tbody><tr><td>gem. 0-100 km\/h<\/td><td>8,2 Sek<\/td><\/tr><tr><td>H\u00f6chstgeschwindigkeit<\/td><td>236 km\/h<\/td><\/tr><\/tbody><\/table><\/figure>\n","protected":false},"excerpt":{"rendered":"<p>1975 startete die Modellreihe der BMW 3er Reihe nur mit einer zweit\u00fcrigen Limousine (Coup\u00e9) und einem Cabriolet. Die erste Generation [&hellip;]<\/p>\n","protected":false},"author":4,"featured_media":116908,"parent":116520,"menu_order":0,"comment_status":"closed","ping_status":"closed","template":"","meta":{"footnotes":""},"class_list":["post-116996","page","type-page","status-publish","has-post-thumbnail","hentry"],"acf":[],"yoast_head":"<!-- This site is optimized with the Yoast SEO plugin v21.2 - https:\/\/yoast.com\/wordpress\/plugins\/seo\/ -->\n<title>BMW 4er Cabrio - All cars news<\/title>\n<meta name=\"robots\" content=\"index, follow, max-snippet:-1, max-image-preview:large, max-video-preview:-1\" \/>\n<link rel=\"canonical\" href=\"https:\/\/all-car-news.com\/de\/autofinder\/bmw\/bmw-4er-cabrio\/\" \/>\n<meta property=\"og:locale\" content=\"de_DE\" \/>\n<meta property=\"og:type\" content=\"article\" \/>\n<meta property=\"og:title\" content=\"BMW 4er Cabrio - All cars news\" \/>\n<meta property=\"og:description\" content=\"1975 startete die Modellreihe der BMW 3er Reihe nur mit einer zweit\u00fcrigen Limousine (Coup\u00e9) und einem Cabriolet. Die erste Generation [&hellip;]\" \/>\n<meta property=\"og:url\" content=\"https:\/\/all-car-news.com\/de\/autofinder\/bmw\/bmw-4er-cabrio\/\" \/>\n<meta property=\"og:site_name\" content=\"All cars news\" \/>\n<meta property=\"article:modified_time\" content=\"2022-03-08T09:03:40+00:00\" \/>\n<meta property=\"og:image\" content=\"https:\/\/all-car-news.com\/wp-content\/uploads\/2022\/03\/2CCDECD7-72B5-4E2D-8525-B298E2A8AF77.jpeg\" \/>\n\t<meta property=\"og:image:width\" content=\"480\" \/>\n\t<meta property=\"og:image:height\" content=\"360\" \/>\n\t<meta property=\"og:image:type\" content=\"image\/jpeg\" \/>\n<meta name=\"twitter:card\" content=\"summary_large_image\" \/>\n<meta name=\"twitter:label1\" content=\"Gesch\u00e4tzte Lesezeit\" \/>\n\t<meta name=\"twitter:data1\" content=\"2\u00a0Minuten\" \/>\n<script type=\"application\/ld+json\" class=\"yoast-schema-graph\">{\"@context\":\"https:\/\/schema.org\",\"@graph\":[{\"@type\":\"WebPage\",\"@id\":\"https:\/\/all-car-news.com\/de\/autofinder\/bmw\/bmw-4er-cabrio\/\",\"url\":\"https:\/\/all-car-news.com\/de\/autofinder\/bmw\/bmw-4er-cabrio\/\",\"name\":\"BMW 4er Cabrio - All cars news\",\"isPartOf\":{\"@id\":\"https:\/\/all-car-news.com\/de\/#website\"},\"datePublished\":\"2022-03-02T11:31:30+00:00\",\"dateModified\":\"2022-03-08T09:03:40+00:00\",\"breadcrumb\":{\"@id\":\"https:\/\/all-car-news.com\/de\/autofinder\/bmw\/bmw-4er-cabrio\/#breadcrumb\"},\"inLanguage\":\"de\",\"potentialAction\":[{\"@type\":\"ReadAction\",\"target\":[\"https:\/\/all-car-news.com\/de\/autofinder\/bmw\/bmw-4er-cabrio\/\"]}]},{\"@type\":\"BreadcrumbList\",\"@id\":\"https:\/\/all-car-news.com\/de\/autofinder\/bmw\/bmw-4er-cabrio\/#breadcrumb\",\"itemListElement\":[{\"@type\":\"ListItem\",\"position\":1,\"name\":\"Home\",\"item\":\"https:\/\/all-car-news.com\/de\/\"},{\"@type\":\"ListItem\",\"position\":2,\"name\":\"Autofinder\",\"item\":\"https:\/\/all-car-news.com\/de\/autofinder\/\"},{\"@type\":\"ListItem\",\"position\":3,\"name\":\"BMW\",\"item\":\"https:\/\/all-car-news.com\/de\/autofinder\/bmw\/\"},{\"@type\":\"ListItem\",\"position\":4,\"name\":\"BMW 4er Cabrio\"}]},{\"@type\":\"WebSite\",\"@id\":\"https:\/\/all-car-news.com\/de\/#website\",\"url\":\"https:\/\/all-car-news.com\/de\/\",\"name\":\"All cars news\",\"description\":\"\",\"publisher\":{\"@id\":\"https:\/\/all-car-news.com\/de\/#organization\"},\"potentialAction\":[{\"@type\":\"SearchAction\",\"target\":{\"@type\":\"EntryPoint\",\"urlTemplate\":\"https:\/\/all-car-news.com\/de\/?s={search_term_string}\"},\"query-input\":\"required name=search_term_string\"}],\"inLanguage\":\"de\"},{\"@type\":\"Organization\",\"@id\":\"https:\/\/all-car-news.com\/de\/#organization\",\"name\":\"All cars news\",\"url\":\"https:\/\/all-car-news.com\/de\/\",\"logo\":{\"@type\":\"ImageObject\",\"inLanguage\":\"de\",\"@id\":\"https:\/\/all-car-news.com\/de\/#\/schema\/logo\/image\/\",\"url\":\"https:\/\/all-car-news.com\/wp-content\/uploads\/2022\/02\/CMYK-AllCarNews_LANDSCAPE_300px-1.png\",\"contentUrl\":\"https:\/\/all-car-news.com\/wp-content\/uploads\/2022\/02\/CMYK-AllCarNews_LANDSCAPE_300px-1.png\",\"width\":300,\"height\":100,\"caption\":\"All cars news\"},\"image\":{\"@id\":\"https:\/\/all-car-news.com\/de\/#\/schema\/logo\/image\/\"}}]}<\/script>\n<!-- \/ Yoast SEO plugin. -->","yoast_head_json":{"title":"BMW 4er Cabrio - All cars news","robots":{"index":"index","follow":"follow","max-snippet":"max-snippet:-1","max-image-preview":"max-image-preview:large","max-video-preview":"max-video-preview:-1"},"canonical":"https:\/\/all-car-news.com\/de\/autofinder\/bmw\/bmw-4er-cabrio\/","og_locale":"de_DE","og_type":"article","og_title":"BMW 4er Cabrio - All cars news","og_description":"1975 startete die Modellreihe der BMW 3er Reihe nur mit einer zweit\u00fcrigen Limousine (Coup\u00e9) und einem Cabriolet. Die erste Generation [&hellip;]","og_url":"https:\/\/all-car-news.com\/de\/autofinder\/bmw\/bmw-4er-cabrio\/","og_site_name":"All cars news","article_modified_time":"2022-03-08T09:03:40+00:00","og_image":[{"width":480,"height":360,"url":"https:\/\/all-car-news.com\/wp-content\/uploads\/2022\/03\/2CCDECD7-72B5-4E2D-8525-B298E2A8AF77.jpeg","type":"image\/jpeg"}],"twitter_card":"summary_large_image","twitter_misc":{"Gesch\u00e4tzte Lesezeit":"2\u00a0Minuten"},"schema":{"@context":"https:\/\/schema.org","@graph":[{"@type":"WebPage","@id":"https:\/\/all-car-news.com\/de\/autofinder\/bmw\/bmw-4er-cabrio\/","url":"https:\/\/all-car-news.com\/de\/autofinder\/bmw\/bmw-4er-cabrio\/","name":"BMW 4er Cabrio - All cars news","isPartOf":{"@id":"https:\/\/all-car-news.com\/de\/#website"},"datePublished":"2022-03-02T11:31:30+00:00","dateModified":"2022-03-08T09:03:40+00:00","breadcrumb":{"@id":"https:\/\/all-car-news.com\/de\/autofinder\/bmw\/bmw-4er-cabrio\/#breadcrumb"},"inLanguage":"de","potentialAction":[{"@type":"ReadAction","target":["https:\/\/all-car-news.com\/de\/autofinder\/bmw\/bmw-4er-cabrio\/"]}]},{"@type":"BreadcrumbList","@id":"https:\/\/all-car-news.com\/de\/autofinder\/bmw\/bmw-4er-cabrio\/#breadcrumb","itemListElement":[{"@type":"ListItem","position":1,"name":"Home","item":"https:\/\/all-car-news.com\/de\/"},{"@type":"ListItem","position":2,"name":"Autofinder","item":"https:\/\/all-car-news.com\/de\/autofinder\/"},{"@type":"ListItem","position":3,"name":"BMW","item":"https:\/\/all-car-news.com\/de\/autofinder\/bmw\/"},{"@type":"ListItem","position":4,"name":"BMW 4er Cabrio"}]},{"@type":"WebSite","@id":"https:\/\/all-car-news.com\/de\/#website","url":"https:\/\/all-car-news.com\/de\/","name":"All cars news","description":"","publisher":{"@id":"https:\/\/all-car-news.com\/de\/#organization"},"potentialAction":[{"@type":"SearchAction","target":{"@type":"EntryPoint","urlTemplate":"https:\/\/all-car-news.com\/de\/?s={search_term_string}"},"query-input":"required name=search_term_string"}],"inLanguage":"de"},{"@type":"Organization","@id":"https:\/\/all-car-news.com\/de\/#organization","name":"All cars news","url":"https:\/\/all-car-news.com\/de\/","logo":{"@type":"ImageObject","inLanguage":"de","@id":"https:\/\/all-car-news.com\/de\/#\/schema\/logo\/image\/","url":"https:\/\/all-car-news.com\/wp-content\/uploads\/2022\/02\/CMYK-AllCarNews_LANDSCAPE_300px-1.png","contentUrl":"https:\/\/all-car-news.com\/wp-content\/uploads\/2022\/02\/CMYK-AllCarNews_LANDSCAPE_300px-1.png","width":300,"height":100,"caption":"All cars news"},"image":{"@id":"https:\/\/all-car-news.com\/de\/#\/schema\/logo\/image\/"}}]}},"_links":{"self":[{"href":"https:\/\/all-car-news.com\/de\/wp-json\/wp\/v2\/pages\/116996","targetHints":{"allow":["GET"]}}],"collection":[{"href":"https:\/\/all-car-news.com\/de\/wp-json\/wp\/v2\/pages"}],"about":[{"href":"https:\/\/all-car-news.com\/de\/wp-json\/wp\/v2\/types\/page"}],"author":[{"embeddable":true,"href":"https:\/\/all-car-news.com\/de\/wp-json\/wp\/v2\/users\/4"}],"replies":[{"embeddable":true,"href":"https:\/\/all-car-news.com\/de\/wp-json\/wp\/v2\/comments?post=116996"}],"version-history":[{"count":0,"href":"https:\/\/all-car-news.com\/de\/wp-json\/wp\/v2\/pages\/116996\/revisions"}],"up":[{"embeddable":true,"href":"https:\/\/all-car-news.com\/de\/wp-json\/wp\/v2\/pages\/116520"}],"wp:featuredmedia":[{"embeddable":true,"href":"https:\/\/all-car-news.com\/de\/wp-json\/wp\/v2\/media\/116908"}],"wp:attachment":[{"href":"https:\/\/all-car-news.com\/de\/wp-json\/wp\/v2\/media?parent=116996"}],"curies":[{"name":"wp","href":"https:\/\/api.w.org\/{rel}","templated":true}]}}